{"id":6262,"date":"2021-01-28T08:11:23","date_gmt":"2021-01-28T08:11:23","guid":{"rendered":"https:\/\/mediflex24.de\/?page_id=6262"},"modified":"2023-06-21T09:10:50","modified_gmt":"2023-06-21T09:10:50","slug":"impressum","status":"publish","type":"page","link":"http:\/\/fabis-lederey.com\/index.php\/impressum\/","title":{"rendered":"Impressum"},"content":{"rendered":"[vc_row type=&#8220;in_container&#8220; full_screen_row_position=&#8220;middle&#8220; column_margin=&#8220;default&#8220; column_direction=&#8220;default&#8220; column_direction_tablet=&#8220;default&#8220; column_direction_phone=&#8220;default&#8220; scene_position=&#8220;center&#8220; text_color=&#8220;dark&#8220; text_align=&#8220;left&#8220; row_border_radius=&#8220;none&#8220; row_border_radius_applies=&#8220;bg&#8220; overlay_strength=&#8220;0.3&#8243; gradient_direction=&#8220;left_to_right&#8220; shape_divider_position=&#8220;bottom&#8220; bg_image_animation=&#8220;none&#8220;][vc_column column_padding=&#8220;no-extra-padding&#8220; column_padding_tablet=&#8220;inherit&#8220; column_padding_phone=&#8220;inherit&#8220; column_padding_position=&#8220;all&#8220; background_color_opacity=&#8220;1&#8243; background_hover_color_opacity=&#8220;1&#8243; column_shadow=&#8220;none&#8220; column_border_radius=&#8220;none&#8220; column_link_target=&#8220;_self&#8220; gradient_direction=&#8220;left_to_right&#8220; overlay_strength=&#8220;0.3&#8243; width=&#8220;1\/1&#8243; tablet_width_inherit=&#8220;default&#8220; tablet_text_alignment=&#8220;default&#8220; phone_text_alignment=&#8220;default&#8220; column_border_width=&#8220;none&#8220; column_border_style=&#8220;solid&#8220; bg_image_animation=&#8220;none&#8220;][vc_column_text]\n<h1>Impressum<\/h1>\n[\/vc_column_text][vc_column_text]Angaben gem\u00e4\u00df \u00a75 Telemediengesetz (TMG) &amp; Dienstleistungs-Informationspflichten-Verordnung (DL-InfoV)<\/p>\n<p>Fabis Lederey<br \/>\nRingstra\u00dfe 9<br \/>\n66953 Pirmasens<\/p>\n<p><strong>Vertreten durch<\/strong><br \/>\nFabian Kempf<\/p>\n<p><strong>Kontakt<\/strong><br \/>\nTelefon: <a href=\"tel:+4963312593590\">(+49) 6331 &#8211; 259 359 0<\/a><br \/>\nMobil: <a href=\"tel:+4917623588837\">(+49) 176 &#8211; 235 888 37<\/a><br \/>\nE-Mail: <a href=\"mailto:info@fabis-lederey.com\">info@fabis-lederey.com<\/a><\/p>\n<p><strong>Umsatzsteuer-ID<\/strong><br \/>\nUmsatzsteuer-Identifikationsnummer<br \/>\ngem\u00e4\u00df \u00a727a Umsatzsteuergesetz<br \/>\nDE 321 112 799<\/p>\n<p><strong>Geltungsbereich<br \/>\n<\/strong>Geltungsbereich &amp; Gerichtsstand Deutschland. Dieses Impressum gilt auch f\u00fcr unsere Unternehmensdarstellungen auf den Plattformen und in den sozialen Medien.<\/p>\n<p><strong>Inhalt nach \u00a7 55 Abs. 2 RStV<\/strong><br \/>\nUnser Informationsangebot ist unverbindlich und wird fortlaufend \u00fcberarbeitet und aktualisiert. Haben Sie Verst\u00e4ndnis, dass wir uns vorbehalten, jederzeit ohne vorherige Ank\u00fcndigung unser Informationsangebot zu ver\u00e4ndern, zu erg\u00e4nzen, zu l\u00f6schen oder die Ver\u00f6ffentlichung einzustellen. Verantwortlich f\u00fcr den Inhalt und vertretungsberechtigter Partner nach \u00a755 ABS. 2 RStV ist Fabian Kempf. (Siehe Kontaktdaten oben)<\/p>\n<p><strong>Bildrechte<\/strong><br \/>\n\u00a9 Azaliya (Elya Vatel) &#8211; Adobe Stock<br \/>\n\u00a9 Karl Geistlich<br \/>\n\u00a9 Daniela Heft<\/p>\n<p><strong>Streitschlichtung<\/strong><br \/>\nDie Europ\u00e4ische Kommission stellt eine Plattform zur Online-Streitbeilegung (OS) bereit: <a href=\"https:\/\/ec.europa.eu\/consumers\/odr\">https:\/\/ec.europa.eu\/consumers\/odr<\/a>.<br \/>\nUnsere E-Mail-Adresse finden Sie oben im Impressum. Wir sind nicht bereit oder verpflichtet, an Streitbeilegungsverfahren vor einer Verbraucherschlichtungsstelle teilzunehmen.<\/p>\n<p><strong>Widerspruch Werbemails<\/strong><br \/>\nDer Nutzung von im Rahmen der Impressumspflicht ver\u00f6ffentlichten Kontaktdaten zur \u00dcbersendung von nicht ausdr\u00fccklich angeforderter Werbung und Informationsmaterialien wird hiermit widersprochen. Wir behalten uns ausdr\u00fccklich rechtliche Schritte im Falle der unverlangten Zusendung von Werbeinformationen, etwa durch Spam-E-Mails, vor.<\/p>\n<h2>Haftungsausschluss<\/h2>\n<p><strong>Haftung f\u00fcr Inhalte<br \/>\n<\/strong>Die Inhalte unserer Seiten wurden mit gr\u00f6\u00dfter Sorgfalt erstellt. F\u00fcr die Richtigkeit, Vollst\u00e4ndigkeit und Aktualit\u00e4t der Inhalte k\u00f6nnen wir jedoch keine Gew\u00e4hr \u00fcbernehmen. Als Diensteanbieter sind wir gem\u00e4\u00df \u00a7 7 Abs.1 TMG f\u00fcr eigene Inhalte auf diesen Seiten nach den allgemeinen Gesetzen verantwortlich. Nach \u00a7\u00a7 8 bis 10 TMG sind wir als Diensteanbieter jedoch nicht verpflichtet, \u00fcbermittelte oder gespeicherte fremde Informationen zu \u00fcberwachen oder nach Umst\u00e4nden zu forschen, die auf eine rechtswidrige T\u00e4tigkeit hinweisen. Verpflichtungen zur Entfernung oder Sperrung der Nutzung von Informationen nach den allgemeinen Gesetzen bleiben hiervon unber\u00fchrt. Eine diesbez\u00fcgliche Haftung ist jedoch erst ab dem Zeitpunkt der Kenntnis einer konkreten Rechtsverletzung m\u00f6glich. Bei Bekanntwerden von entsprechenden Rechtsverletzungen werden wir diese Inhalte umgehend entfernen.<\/p>\n<p><strong>Haftung f\u00fcr Links<\/strong><br \/>\nUnser Angebot enth\u00e4lt Links zu externen Webseiten Dritter, auf deren Inhalte wir keinen Einfluss haben. Deshalb k\u00f6nnen wir f\u00fcr diese fremden Inhalte auch keine Gew\u00e4hr \u00fcbernehmen. F\u00fcr die Inhalte der verlinkten Seiten ist stets der jeweilige Anbieter oder Betreiber der Seiten verantwortlich. Die verlinkten Seiten wurden zum Zeitpunkt der Verlinkung auf m\u00f6gliche Rechtsverst\u00f6\u00dfe \u00fcberpr\u00fcft. Rechtswidrige Inhalte waren zum Zeitpunkt der Verlinkung nicht erkennbar. Eine permanente inhaltliche Kontrolle der verlinkten Seiten ist jedoch ohne konkrete Anhaltspunkte einer Rechtsverletzung nicht zumutbar. Bei Bekanntwerden von Rechtsverletzungen werden wir derartige Links umgehend entfernen.<\/p>\n<p><strong>Urheberrecht<\/strong><br \/>\nDie durch die Seitenbetreiber erstellten Inhalte und Werke auf diesen Seiten unterliegen dem deutschen Urheberrecht. Die Vervielf\u00e4ltigung, Bearbeitung, Verbreitung und jede Art der Verwertung au\u00dferhalb der Grenzen des Urheberrechtes bed\u00fcrfen der schriftlichen Zustimmung des jeweiligen Autors bzw. Erstellers. Downloads und Kopien dieser Seite sind nur f\u00fcr den privaten, nicht kommerziellen Gebrauch gestattet. Soweit die Inhalte auf dieser Seite nicht vom Betreiber erstellt wurden, werden die Urheberrechte Dritter beachtet. Insbesondere werden Inhalte Dritter als solche gekennzeichnet. Sollten Sie trotzdem auf eine Urheberrechtsverletzung aufmerksam werden, bitten wir um einen entsprechenden Hinweis. Bei Bekanntwerden von Rechtsverletzungen werden wir derartige Inhalte umgehend entfernen.[\/vc_column_text][\/vc_column][\/vc_row]\n","protected":false},"excerpt":{"rendered":"<p>[vc_row type=&#8220;in_container&#8220; full_screen_row_position=&#8220;middle&#8220; column_margin=&#8220;default&#8220; column_direction=&#8220;default&#8220; column_direction_tablet=&#8220;default&#8220; column_direction_phone=&#8220;default&#8220; scene_position=&#8220;center&#8220; text_color=&#8220;dark&#8220; text_align=&#8220;left&#8220; row_border_radius=&#8220;none&#8220; row_border_radius_applies=&#8220;bg&#8220; overlay_strength=&#8220;0.3&#8243; gradient_direction=&#8220;left_to_right&#8220; shape_divider_position=&#8220;bottom&#8220; bg_image_animation=&#8220;none&#8220;][vc_column column_padding=&#8220;no-extra-padding&#8220; column_padding_tablet=&#8220;inherit&#8220; column_padding_phone=&#8220;inherit&#8220; column_padding_position=&#8220;all&#8220; background_color_opacity=&#8220;1&#8243; background_hover_color_opacity=&#8220;1&#8243; column_shadow=&#8220;none&#8220; column_border_radius=&#8220;none&#8220; column_link_target=&#8220;_self&#8220;&#8230;<\/p>\n","protected":false},"author":1,"featured_media":0,"parent":0,"menu_order":99,"comment_status":"closed","ping_status":"closed","template":"","meta":{"footnotes":""},"class_list":["post-6262","page","type-page","status-publish"],"yoast_head":"<!-- This site is optimized with the Yoast SEO plugin v27.5 - https:\/\/yoast.com\/product\/yoast-seo-wordpress\/ -->\n<title>Impressum - Fabis Lederey - Fabian Kempf<\/title>\n<meta name=\"robots\" content=\"index, follow, max-snippet:-1, max-image-preview:large, max-video-preview:-1\" \/>\n<link rel=\"canonical\" href=\"http:\/\/fabis-lederey.com\/index.php\/impressum\/\" \/>\n<meta property=\"og:locale\" content=\"de_DE\" \/>\n<meta property=\"og:type\" content=\"article\" \/>\n<meta property=\"og:title\" content=\"Impressum - Fabis Lederey - Fabian Kempf\" \/>\n<meta property=\"og:description\" content=\"[vc_row type=&#8220;in_container&#8220; full_screen_row_position=&#8220;middle&#8220; column_margin=&#8220;default&#8220; column_direction=&#8220;default&#8220; column_direction_tablet=&#8220;default&#8220; column_direction_phone=&#8220;default&#8220; scene_position=&#8220;center&#8220; text_color=&#8220;dark&#8220; text_align=&#8220;left&#8220; row_border_radius=&#8220;none&#8220; row_border_radius_applies=&#8220;bg&#8220; overlay_strength=&#8220;0.3&#8243; gradient_direction=&#8220;left_to_right&#8220; shape_divider_position=&#8220;bottom&#8220; bg_image_animation=&#8220;none&#8220;][vc_column column_padding=&#8220;no-extra-padding&#8220; column_padding_tablet=&#8220;inherit&#8220; column_padding_phone=&#8220;inherit&#8220; column_padding_position=&#8220;all&#8220; background_color_opacity=&#8220;1&#8243; background_hover_color_opacity=&#8220;1&#8243; column_shadow=&#8220;none&#8220; column_border_radius=&#8220;none&#8220; column_link_target=&#8220;_self&#8220;...\" \/>\n<meta property=\"og:url\" content=\"http:\/\/fabis-lederey.com\/index.php\/impressum\/\" \/>\n<meta property=\"og:site_name\" content=\"Fabis Lederey - Fabian Kempf\" \/>\n<meta property=\"article:modified_time\" content=\"2023-06-21T09:10:50+00:00\" \/>\n<meta name=\"twitter:card\" content=\"summary_large_image\" \/>\n<meta name=\"twitter:label1\" content=\"Gesch\u00e4tzte Lesezeit\" \/>\n\t<meta name=\"twitter:data1\" content=\"4\u00a0Minuten\" \/>\n<script type=\"application\/ld+json\" class=\"yoast-schema-graph\">{\"@context\":\"https:\\\/\\\/schema.org\",\"@graph\":[{\"@type\":\"WebPage\",\"@id\":\"http:\\\/\\\/fabis-lederey.com\\\/index.php\\\/impressum\\\/\",\"url\":\"http:\\\/\\\/fabis-lederey.com\\\/index.php\\\/impressum\\\/\",\"name\":\"Impressum - Fabis Lederey - Fabian Kempf\",\"isPartOf\":{\"@id\":\"https:\\\/\\\/fabis-lederey.com\\\/#website\"},\"datePublished\":\"2021-01-28T08:11:23+00:00\",\"dateModified\":\"2023-06-21T09:10:50+00:00\",\"breadcrumb\":{\"@id\":\"http:\\\/\\\/fabis-lederey.com\\\/index.php\\\/impressum\\\/#breadcrumb\"},\"inLanguage\":\"de\",\"potentialAction\":[{\"@type\":\"ReadAction\",\"target\":[\"http:\\\/\\\/fabis-lederey.com\\\/index.php\\\/impressum\\\/\"]}]},{\"@type\":\"BreadcrumbList\",\"@id\":\"http:\\\/\\\/fabis-lederey.com\\\/index.php\\\/impressum\\\/#breadcrumb\",\"itemListElement\":[{\"@type\":\"ListItem\",\"position\":1,\"name\":\"Home\",\"item\":\"http:\\\/\\\/fabis-lederey.com\\\/\"},{\"@type\":\"ListItem\",\"position\":2,\"name\":\"Impressum\"}]},{\"@type\":\"WebSite\",\"@id\":\"https:\\\/\\\/fabis-lederey.com\\\/#website\",\"url\":\"https:\\\/\\\/fabis-lederey.com\\\/\",\"name\":\"Fabis Lederey - Fabian Kempf\",\"description\":\"Die Reitsportsattlerei und Ledermanufaktur in Pirmasens, S\u00fcdwestpfalz und im SaarLorLux-Kreis.\",\"potentialAction\":[{\"@type\":\"SearchAction\",\"target\":{\"@type\":\"EntryPoint\",\"urlTemplate\":\"https:\\\/\\\/fabis-lederey.com\\\/?s={search_term_string}\"},\"query-input\":{\"@type\":\"PropertyValueSpecification\",\"valueRequired\":true,\"valueName\":\"search_term_string\"}}],\"inLanguage\":\"de\"}]}<\/script>\n<!-- \/ Yoast SEO plugin. -->","yoast_head_json":{"title":"Impressum - Fabis Lederey - Fabian Kempf","robots":{"index":"index","follow":"follow","max-snippet":"max-snippet:-1","max-image-preview":"max-image-preview:large","max-video-preview":"max-video-preview:-1"},"canonical":"http:\/\/fabis-lederey.com\/index.php\/impressum\/","og_locale":"de_DE","og_type":"article","og_title":"Impressum - Fabis Lederey - Fabian Kempf","og_description":"[vc_row type=&#8220;in_container&#8220; full_screen_row_position=&#8220;middle&#8220; column_margin=&#8220;default&#8220; column_direction=&#8220;default&#8220; column_direction_tablet=&#8220;default&#8220; column_direction_phone=&#8220;default&#8220; scene_position=&#8220;center&#8220; text_color=&#8220;dark&#8220; text_align=&#8220;left&#8220; row_border_radius=&#8220;none&#8220; row_border_radius_applies=&#8220;bg&#8220; overlay_strength=&#8220;0.3&#8243; gradient_direction=&#8220;left_to_right&#8220; shape_divider_position=&#8220;bottom&#8220; bg_image_animation=&#8220;none&#8220;][vc_column column_padding=&#8220;no-extra-padding&#8220; column_padding_tablet=&#8220;inherit&#8220; column_padding_phone=&#8220;inherit&#8220; column_padding_position=&#8220;all&#8220; background_color_opacity=&#8220;1&#8243; background_hover_color_opacity=&#8220;1&#8243; column_shadow=&#8220;none&#8220; column_border_radius=&#8220;none&#8220; column_link_target=&#8220;_self&#8220;...","og_url":"http:\/\/fabis-lederey.com\/index.php\/impressum\/","og_site_name":"Fabis Lederey - Fabian Kempf","article_modified_time":"2023-06-21T09:10:50+00:00","twitter_card":"summary_large_image","twitter_misc":{"Gesch\u00e4tzte Lesezeit":"4\u00a0Minuten"},"schema":{"@context":"https:\/\/schema.org","@graph":[{"@type":"WebPage","@id":"http:\/\/fabis-lederey.com\/index.php\/impressum\/","url":"http:\/\/fabis-lederey.com\/index.php\/impressum\/","name":"Impressum - Fabis Lederey - Fabian Kempf","isPartOf":{"@id":"https:\/\/fabis-lederey.com\/#website"},"datePublished":"2021-01-28T08:11:23+00:00","dateModified":"2023-06-21T09:10:50+00:00","breadcrumb":{"@id":"http:\/\/fabis-lederey.com\/index.php\/impressum\/#breadcrumb"},"inLanguage":"de","potentialAction":[{"@type":"ReadAction","target":["http:\/\/fabis-lederey.com\/index.php\/impressum\/"]}]},{"@type":"BreadcrumbList","@id":"http:\/\/fabis-lederey.com\/index.php\/impressum\/#breadcrumb","itemListElement":[{"@type":"ListItem","position":1,"name":"Home","item":"http:\/\/fabis-lederey.com\/"},{"@type":"ListItem","position":2,"name":"Impressum"}]},{"@type":"WebSite","@id":"https:\/\/fabis-lederey.com\/#website","url":"https:\/\/fabis-lederey.com\/","name":"Fabis Lederey - Fabian Kempf","description":"Die Reitsportsattlerei und Ledermanufaktur in Pirmasens, S\u00fcdwestpfalz und im SaarLorLux-Kreis.","potentialAction":[{"@type":"SearchAction","target":{"@type":"EntryPoint","urlTemplate":"https:\/\/fabis-lederey.com\/?s={search_term_string}"},"query-input":{"@type":"PropertyValueSpecification","valueRequired":true,"valueName":"search_term_string"}}],"inLanguage":"de"}]}},"_links":{"self":[{"href":"http:\/\/fabis-lederey.com\/index.php\/wp-json\/wp\/v2\/pages\/6262","targetHints":{"allow":["GET"]}}],"collection":[{"href":"http:\/\/fabis-lederey.com\/index.php\/wp-json\/wp\/v2\/pages"}],"about":[{"href":"http:\/\/fabis-lederey.com\/index.php\/wp-json\/wp\/v2\/types\/page"}],"author":[{"embeddable":true,"href":"http:\/\/fabis-lederey.com\/index.php\/wp-json\/wp\/v2\/users\/1"}],"replies":[{"embeddable":true,"href":"http:\/\/fabis-lederey.com\/index.php\/wp-json\/wp\/v2\/comments?post=6262"}],"version-history":[{"count":22,"href":"http:\/\/fabis-lederey.com\/index.php\/wp-json\/wp\/v2\/pages\/6262\/revisions"}],"predecessor-version":[{"id":8215,"href":"http:\/\/fabis-lederey.com\/index.php\/wp-json\/wp\/v2\/pages\/6262\/revisions\/8215"}],"wp:attachment":[{"href":"http:\/\/fabis-lederey.com\/index.php\/wp-json\/wp\/v2\/media?parent=6262"}],"curies":[{"name":"wp","href":"https:\/\/api.w.org\/{rel}","templated":true}]}}