{"id":7199,"date":"2021-12-15T14:01:49","date_gmt":"2021-12-15T14:01:49","guid":{"rendered":"http:\/\/fabis-lederey.com\/?post_type=product&#038;p=7199"},"modified":"2022-01-06T08:27:14","modified_gmt":"2022-01-06T08:27:14","slug":"winderen-steigbuegel","status":"publish","type":"product","link":"http:\/\/fabis-lederey.com\/index.php\/produkt\/winderen-steigbuegel\/","title":{"rendered":"Winderen &#8211; Steigb\u00fcgel"},"content":{"rendered":"<div class=\"col-12 col-md-7\">\n<h2 class=\"h2 titel mb-4\">Winderen Steigb\u00fcgel Knee Protect<\/h2>\n<div>\n<p>Die Winderen Steigb\u00fcgel Knee Protect sind\u00a0mit dem Energie-Absorptions-System ausgestattet. Mit diesem System wird die\u00a0Belastung auf die Knie des Reiters, besonders beim Springen, minimiert. Gleichzeitig erm\u00f6glichen die Steigb\u00fcgel eine au\u00dfergew\u00f6hnlich stabile und konstante Position des Fu\u00dfes. So kann die Hilfengebung des Beines bequemer und wirkungsvoller erfolgen. Die Winderen Steigb\u00fcgel verringern das Risiko, das Gleichgewicht zu verlieren oder die eigene Position zu verschieben, das mit festen Steigb\u00fcgeln betr\u00e4chtlich h\u00f6her ist.<\/p>\n<ul>\n<li>Korrekte und bequeme Beinposition<\/li>\n<li>Reduziert die Belastung der Kniegelenke<\/li>\n<li>Stabile und konstante Position des Fu\u00dfes im Steigb\u00fcgel<\/li>\n<li>bequeme und wirkungsvollere Hilfengebung<\/li>\n<\/ul>\n<\/div>\n<\/div>\n","protected":false},"excerpt":{"rendered":"<h4>Winderen &#8211; Steigb\u00fcgel Knee Protect<\/h4>\n<p>Farbe &#8222;Nero&#8220; oder &#8222;Luna Grey&#8220;<\/p>\n<p>\u2022 Korrekte und bequeme Beinposition<br \/>\n\u2022 Reduziert die Belastung der Kniegelenke<br \/>\n\u2022 Stabile und konstante Position des Fu\u00dfes im Steigb\u00fcgel<\/p>\n","protected":false},"featured_media":0,"comment_status":"open","ping_status":"closed","template":"","meta":[],"product_brand":[],"product_cat":[44,82],"product_tag":[],"class_list":{"0":"post-7199","1":"product","2":"type-product","3":"status-publish","5":"product_cat-allproducts","6":"product_cat-steigbuegel-und-riemen","7":"pa_farbe-steigbuegel-grau","8":"pa_farbe-steigbuegel-schwarz","10":"first","11":"instock","12":"taxable","13":"shipping-taxable","14":"purchasable","15":"product-type-variable"},"yoast_head":"<!-- This site is optimized with the Yoast SEO plugin v27.3 - https:\/\/yoast.com\/product\/yoast-seo-wordpress\/ -->\n<title>Winderen - Steigb\u00fcgel - Fabis Lederey - Fabian Kempf<\/title>\n<meta name=\"robots\" content=\"index, follow, max-snippet:-1, max-image-preview:large, max-video-preview:-1\" \/>\n<link rel=\"canonical\" href=\"http:\/\/fabis-lederey.com\/index.php\/produkt\/winderen-steigbuegel\/\" \/>\n<meta property=\"og:locale\" content=\"de_DE\" \/>\n<meta property=\"og:type\" content=\"article\" \/>\n<meta property=\"og:title\" content=\"Winderen - Steigb\u00fcgel - Fabis Lederey - Fabian Kempf\" \/>\n<meta property=\"og:description\" content=\"Winderen - Steigb\u00fcgel Knee Protect Farbe &quot;Nero&quot; oder &quot;Luna Grey&quot;  \u2022 Korrekte und bequeme Beinposition \u2022 Reduziert die Belastung der Kniegelenke \u2022 Stabile und konstante Position des Fu\u00dfes im Steigb\u00fcgel\" \/>\n<meta property=\"og:url\" content=\"http:\/\/fabis-lederey.com\/index.php\/produkt\/winderen-steigbuegel\/\" \/>\n<meta property=\"og:site_name\" content=\"Fabis Lederey - Fabian Kempf\" \/>\n<meta property=\"article:modified_time\" content=\"2022-01-06T08:27:14+00:00\" \/>\n<meta name=\"twitter:card\" content=\"summary_large_image\" \/>\n<meta name=\"twitter:label1\" content=\"Gesch\u00e4tzte Lesezeit\" \/>\n\t<meta name=\"twitter:data1\" content=\"1\u00a0Minute\" \/>\n<script type=\"application\/ld+json\" class=\"yoast-schema-graph\">{\"@context\":\"https:\\\/\\\/schema.org\",\"@graph\":[{\"@type\":\"WebPage\",\"@id\":\"http:\\\/\\\/fabis-lederey.com\\\/index.php\\\/produkt\\\/winderen-steigbuegel\\\/\",\"url\":\"http:\\\/\\\/fabis-lederey.com\\\/index.php\\\/produkt\\\/winderen-steigbuegel\\\/\",\"name\":\"Winderen - Steigb\u00fcgel - Fabis Lederey - Fabian Kempf\",\"isPartOf\":{\"@id\":\"http:\\\/\\\/fabis-lederey.com\\\/#website\"},\"datePublished\":\"2021-12-15T14:01:49+00:00\",\"dateModified\":\"2022-01-06T08:27:14+00:00\",\"breadcrumb\":{\"@id\":\"http:\\\/\\\/fabis-lederey.com\\\/index.php\\\/produkt\\\/winderen-steigbuegel\\\/#breadcrumb\"},\"inLanguage\":\"de\",\"potentialAction\":[{\"@type\":\"ReadAction\",\"target\":[\"http:\\\/\\\/fabis-lederey.com\\\/index.php\\\/produkt\\\/winderen-steigbuegel\\\/\"]}]},{\"@type\":\"BreadcrumbList\",\"@id\":\"http:\\\/\\\/fabis-lederey.com\\\/index.php\\\/produkt\\\/winderen-steigbuegel\\\/#breadcrumb\",\"itemListElement\":[{\"@type\":\"ListItem\",\"position\":1,\"name\":\"Home\",\"item\":\"http:\\\/\\\/fabis-lederey.com\\\/\"},{\"@type\":\"ListItem\",\"position\":2,\"name\":\"Shop\",\"item\":\"http:\\\/\\\/fabis-lederey.com\\\/?page_id=7147\"},{\"@type\":\"ListItem\",\"position\":3,\"name\":\"Winderen &#8211; Steigb\u00fcgel\"}]},{\"@type\":\"WebSite\",\"@id\":\"http:\\\/\\\/fabis-lederey.com\\\/#website\",\"url\":\"http:\\\/\\\/fabis-lederey.com\\\/\",\"name\":\"Fabis Lederey - Fabian Kempf\",\"description\":\"Die Reitsportsattlerei und Ledermanufaktur in Pirmasens, S\u00fcdwestpfalz und im SaarLorLux-Kreis.\",\"potentialAction\":[{\"@type\":\"SearchAction\",\"target\":{\"@type\":\"EntryPoint\",\"urlTemplate\":\"http:\\\/\\\/fabis-lederey.com\\\/?s={search_term_string}\"},\"query-input\":{\"@type\":\"PropertyValueSpecification\",\"valueRequired\":true,\"valueName\":\"search_term_string\"}}],\"inLanguage\":\"de\"}]}<\/script>\n<!-- \/ Yoast SEO plugin. -->","yoast_head_json":{"title":"Winderen - Steigb\u00fcgel - Fabis Lederey - Fabian Kempf","robots":{"index":"index","follow":"follow","max-snippet":"max-snippet:-1","max-image-preview":"max-image-preview:large","max-video-preview":"max-video-preview:-1"},"canonical":"http:\/\/fabis-lederey.com\/index.php\/produkt\/winderen-steigbuegel\/","og_locale":"de_DE","og_type":"article","og_title":"Winderen - Steigb\u00fcgel - Fabis Lederey - Fabian Kempf","og_description":"Winderen - Steigb\u00fcgel Knee Protect Farbe \"Nero\" oder \"Luna Grey\"  \u2022 Korrekte und bequeme Beinposition \u2022 Reduziert die Belastung der Kniegelenke \u2022 Stabile und konstante Position des Fu\u00dfes im Steigb\u00fcgel","og_url":"http:\/\/fabis-lederey.com\/index.php\/produkt\/winderen-steigbuegel\/","og_site_name":"Fabis Lederey - Fabian Kempf","article_modified_time":"2022-01-06T08:27:14+00:00","twitter_card":"summary_large_image","twitter_misc":{"Gesch\u00e4tzte Lesezeit":"1\u00a0Minute"},"schema":{"@context":"https:\/\/schema.org","@graph":[{"@type":"WebPage","@id":"http:\/\/fabis-lederey.com\/index.php\/produkt\/winderen-steigbuegel\/","url":"http:\/\/fabis-lederey.com\/index.php\/produkt\/winderen-steigbuegel\/","name":"Winderen - Steigb\u00fcgel - Fabis Lederey - Fabian Kempf","isPartOf":{"@id":"http:\/\/fabis-lederey.com\/#website"},"datePublished":"2021-12-15T14:01:49+00:00","dateModified":"2022-01-06T08:27:14+00:00","breadcrumb":{"@id":"http:\/\/fabis-lederey.com\/index.php\/produkt\/winderen-steigbuegel\/#breadcrumb"},"inLanguage":"de","potentialAction":[{"@type":"ReadAction","target":["http:\/\/fabis-lederey.com\/index.php\/produkt\/winderen-steigbuegel\/"]}]},{"@type":"BreadcrumbList","@id":"http:\/\/fabis-lederey.com\/index.php\/produkt\/winderen-steigbuegel\/#breadcrumb","itemListElement":[{"@type":"ListItem","position":1,"name":"Home","item":"http:\/\/fabis-lederey.com\/"},{"@type":"ListItem","position":2,"name":"Shop","item":"http:\/\/fabis-lederey.com\/?page_id=7147"},{"@type":"ListItem","position":3,"name":"Winderen &#8211; Steigb\u00fcgel"}]},{"@type":"WebSite","@id":"http:\/\/fabis-lederey.com\/#website","url":"http:\/\/fabis-lederey.com\/","name":"Fabis Lederey - Fabian Kempf","description":"Die Reitsportsattlerei und Ledermanufaktur in Pirmasens, S\u00fcdwestpfalz und im SaarLorLux-Kreis.","potentialAction":[{"@type":"SearchAction","target":{"@type":"EntryPoint","urlTemplate":"http:\/\/fabis-lederey.com\/?s={search_term_string}"},"query-input":{"@type":"PropertyValueSpecification","valueRequired":true,"valueName":"search_term_string"}}],"inLanguage":"de"}]}},"_links":{"self":[{"href":"http:\/\/fabis-lederey.com\/index.php\/wp-json\/wp\/v2\/product\/7199","targetHints":{"allow":["GET"]}}],"collection":[{"href":"http:\/\/fabis-lederey.com\/index.php\/wp-json\/wp\/v2\/product"}],"about":[{"href":"http:\/\/fabis-lederey.com\/index.php\/wp-json\/wp\/v2\/types\/product"}],"replies":[{"embeddable":true,"href":"http:\/\/fabis-lederey.com\/index.php\/wp-json\/wp\/v2\/comments?post=7199"}],"wp:attachment":[{"href":"http:\/\/fabis-lederey.com\/index.php\/wp-json\/wp\/v2\/media?parent=7199"}],"wp:term":[{"taxonomy":"product_brand","embeddable":true,"href":"http:\/\/fabis-lederey.com\/index.php\/wp-json\/wp\/v2\/product_brand?post=7199"},{"taxonomy":"product_cat","embeddable":true,"href":"http:\/\/fabis-lederey.com\/index.php\/wp-json\/wp\/v2\/product_cat?post=7199"},{"taxonomy":"product_tag","embeddable":true,"href":"http:\/\/fabis-lederey.com\/index.php\/wp-json\/wp\/v2\/product_tag?post=7199"}],"curies":[{"name":"wp","href":"https:\/\/api.w.org\/{rel}","templated":true}]}}